{"id":16588,"date":"2025-12-11T14:58:12","date_gmt":"2025-12-11T14:58:12","guid":{"rendered":"https:\/\/cuidarebr.com.br\/novosite\/?page_id=16588"},"modified":"2025-12-30T13:58:46","modified_gmt":"2025-12-30T13:58:46","slug":"blog","status":"publish","type":"page","link":"https:\/\/cuidarebr.com.br\/novosite\/blog\/","title":{"rendered":"Blog"},"content":{"rendered":"<p>[vc_row][vc_column]\t\t<div class=\"grve-element grve-blog grve-blog-small grve-non-isotope\" style=\"\" >\n\t\t\t<div class=\"grve-standard-container\">\n\t\t\t<article class=\"grve-blog-item grve-small-post grve-non-isotope-item post-5574 post type-post status-publish format-standard hentry category-cuidare-na-midia\" itemscope itemType=\"http:\/\/schema.org\/BlogPosting\">\n\t\t\t\t<div class=\"grve-blog-item-inner grve-isotope-item-inner\">\n\t\t\t\t\t\t\t\t\t\t\t\t\t\t\t\t\t<div class=\"grve-post-content-wrapper\">\n\t\t\t\t\t\t\t<div class=\"grve-post-content\">\n\t\t\t\t\t\t\t\t<div class=\"grve-post-header\">\n\t\t\t\t\t\t\t\t\t\t\t\t\t\t\t\t\t\t\t\t<span class=\"grve-hidden\">\n\t\t\t<span class=\"grve-structured-data entry-title\">[DIARIO DE MINAS] Envelhecimento da popula\u00e7\u00e3o transforma cen\u00e1rio social e econ\u00f4mico de Belo Horizonte<\/span>\n\t\t\t<span class=\"grve-structured-data\" itemprop=\"image\" itemscope itemtype=\"http:\/\/schema.org\/ImageObject\">\n\t\t\t   <span itemprop='url' >https:\/\/cuidarebr.com.br\/novosite\/wp-content\/themes\/movedo\/images\/empty\/thumbnail.jpg<\/span>\n\t\t\t   <span itemprop='height' >150<\/span>\n\t\t\t   <span itemprop='width' >150<\/span>\n\t\t\t<\/span>\n\t\t\t\t\t\t<span class=\"grve-structured-data vcard author\" itemprop=\"author\" itemscope itemtype=\"http:\/\/schema.org\/Person\">\n\t\t\t\t<span itemprop=\"name\" class=\"fn\">Cuidare<\/span>\n\t\t\t<\/span>\n\t\t\t<span class=\"grve-structured-data\" itemprop=\"publisher\" itemscope itemtype=\"http:\/\/schema.org\/Organization\">\n\t\t\t\t<span itemprop='name'>Cuidare<\/span>\n\t\t\t\t<span itemprop='logo' itemscope itemtype='http:\/\/schema.org\/ImageObject'>\n\t\t\t\t\t<span itemprop='url'>\/\/cuidarebr.com.br\/wp-content\/uploads\/2025\/12\/cuidare_logo22.png<\/span>\n\t\t\t\t<\/span>\n\t\t\t<\/span>\n\t\t\t\t\t\t<time class=\"grve-structured-data date published\" itemprop=\"datePublished\" datetime=\"2025-08-27T10:13:51+00:00\">agosto 27, 2025<\/time>\n\t\t\t<time class=\"grve-structured-data date updated\" itemprop=\"dateModified\"  datetime=\"2025-12-19T19:59:23+00:00\">dezembro 19, 2025<\/time>\n\t\t\t<span class=\"grve-structured-data\" itemprop=\"mainEntityOfPage\" itemscope itemtype=\"http:\/\/schema.org\/WebPage\" itemid=\"https:\/\/cuidarebr.com.br\/novosite\/diario-de-minas-envelhecimento-da-populacao-transforma-cenario-social-e-economico-de-belo-horizonte\/\"><\/span>\n\t\t<\/span>\n\t\t\t\t\t\t\t\t\t\t\t\t\t\t\t\t\t\t\t\t<ul class=\"grve-post-meta\">\n\t\t\t\t\t\t\t\t\t\t\t\t<li class=\"grve-post-author\">\n\t\t\t<span>CX6NL6RnrwsOktzSv1Qqqr<\/span>\n\t\t<\/li>\n<li class=\"grve-post-date\">\t<time class=\"\" datetime=\"2025-08-27T10:13:51+00:00\">\n\t\tagosto 27, 2025\t<\/time>\n<\/li>\t<li class=\"grve-post-comments\">Nenhum coment\u00e1rio<\/li>\n\t\t\t\t\t\t\t\t\t\t<\/ul>\n\t\t\t\t\t\t\t\t\t\t\t\t\t\t\t\t\t\t\t\t\t\t\t\t\t\t\t<a href=\"https:\/\/cuidarebr.com.br\/novosite\/diario-de-minas-envelhecimento-da-populacao-transforma-cenario-social-e-economico-de-belo-horizonte\/\" rel=\"bookmark\"><h2 class=\"grve-post-title grve-post-title-hover grve-h2\" itemprop=\"headline\">[DIARIO DE MINAS] Envelhecimento da popula\u00e7\u00e3o transforma cen\u00e1rio social e econ\u00f4mico de Belo Horizonte<\/h2><\/a>\t\t\t\t\t\t\t\t<\/div>\n\t\t\t\t\t\t\t\t<div itemprop=\"articleBody\"><p>Nos \u00faltimos anos, Belo Horizonte vem passando por uma mudan\u00e7a silenciosa, por\u00e9m profunda, o envelhecimento acelerado de sua popula\u00e7\u00e3o. Segundo o Censo de 2022, cerca de 20% dos\u00a0 moradores da capital mineira t\u00eam 60 anos ou mais \u2014 o que representa aproximadamente 460\u00a0 mil pessoas. Minas Gerais j\u00e1 ocupa a terceira posi\u00e7\u00e3o entre os estados&hellip;<\/p><a class=\"grve-read-more grve-link-text grve-heading-color grve-text-hover-primary-1\" href=\"https:\/\/cuidarebr.com.br\/novosite\/diario-de-minas-envelhecimento-da-populacao-transforma-cenario-social-e-economico-de-belo-horizonte\/\"><span>read more<\/span><\/a><\/div>\t\t\t\t\t\t\t<\/div>\n\t\t\t\t\t\t<\/div>\n\t\t\t\t\t\n\t\t\t\t<\/div>\t\t\t<\/article>\n\n\t\t\t<article class=\"grve-blog-item grve-small-post grve-non-isotope-item post-5571 post type-post status-publish format-standard has-post-thumbnail hentry category-cuidare-na-midia\" itemscope itemType=\"http:\/\/schema.org\/BlogPosting\">\n\t\t\t\t<div class=\"grve-blog-item-inner grve-isotope-item-inner\">\n\t\t\t\t\t\t\t\t\t\t\t\t\t<div class=\"grve-media\">\n\t\t\t<a class=\"grve-item-url\" href=\"https:\/\/cuidarebr.com.br\/novosite\/gazeta-na-rede-cuidare-preconceito-virou-combustivel-para-o-sucesso\/\" aria-label=\"[GAZETA] Na Rede Cuidare, preconceito virou combust\u00edvel para o sucesso\"><\/a>\n\t\t\t<img loading=\"lazy\" decoding=\"async\" width=\"560\" height=\"500\" src=\"https:\/\/cuidarebr.com.br\/novosite\/wp-content\/uploads\/2025\/08\/04a7de5eefa9df512c2933be2350a3e0-560x500.jpeg\" class=\"attachment-movedo-grve-small-square size-movedo-grve-small-square wp-post-image\" alt=\"\" \/>\t\t\t<div class=\"grve-bg-black grve-hover-overlay grve-opacity-10\"><\/div>\n\t\t<\/div>\n\t\t\t\t\t\t<div class=\"grve-post-content-wrapper\">\n\t\t\t\t\t\t\t<div class=\"grve-post-content\">\n\t\t\t\t\t\t\t\t<div class=\"grve-post-header\">\n\t\t\t\t\t\t\t\t\t\t\t\t\t\t\t\t\t\t\t\t<span class=\"grve-hidden\">\n\t\t\t<span class=\"grve-structured-data entry-title\">[GAZETA] Na Rede Cuidare, preconceito virou combust\u00edvel para o sucesso<\/span>\n\t\t\t<span class=\"grve-structured-data\" itemprop=\"image\" itemscope itemtype=\"http:\/\/schema.org\/ImageObject\">\n\t\t\t   <span itemprop='url' >https:\/\/cuidarebr.com.br\/novosite\/wp-content\/uploads\/2025\/08\/04a7de5eefa9df512c2933be2350a3e0.jpeg<\/span>\n\t\t\t   <span itemprop='height' >667<\/span>\n\t\t\t   <span itemprop='width' >500<\/span>\n\t\t\t<\/span>\n\t\t\t\t\t\t<span class=\"grve-structured-data vcard author\" itemprop=\"author\" itemscope itemtype=\"http:\/\/schema.org\/Person\">\n\t\t\t\t<span itemprop=\"name\" class=\"fn\">Cuidare<\/span>\n\t\t\t<\/span>\n\t\t\t<span class=\"grve-structured-data\" itemprop=\"publisher\" itemscope itemtype=\"http:\/\/schema.org\/Organization\">\n\t\t\t\t<span itemprop='name'>Cuidare<\/span>\n\t\t\t\t<span itemprop='logo' itemscope itemtype='http:\/\/schema.org\/ImageObject'>\n\t\t\t\t\t<span itemprop='url'>\/\/cuidarebr.com.br\/wp-content\/uploads\/2025\/12\/cuidare_logo22.png<\/span>\n\t\t\t\t<\/span>\n\t\t\t<\/span>\n\t\t\t\t\t\t<time class=\"grve-structured-data date published\" itemprop=\"datePublished\" datetime=\"2025-08-20T11:49:21+00:00\">agosto 20, 2025<\/time>\n\t\t\t<time class=\"grve-structured-data date updated\" itemprop=\"dateModified\"  datetime=\"2025-08-20T11:49:21+00:00\">agosto 20, 2025<\/time>\n\t\t\t<span class=\"grve-structured-data\" itemprop=\"mainEntityOfPage\" itemscope itemtype=\"http:\/\/schema.org\/WebPage\" itemid=\"https:\/\/cuidarebr.com.br\/novosite\/gazeta-na-rede-cuidare-preconceito-virou-combustivel-para-o-sucesso\/\"><\/span>\n\t\t<\/span>\n\t\t\t\t\t\t\t\t\t\t\t\t\t\t\t\t\t\t\t\t<ul class=\"grve-post-meta\">\n\t\t\t\t\t\t\t\t\t\t\t\t<li class=\"grve-post-author\">\n\t\t\t<span>CX6NL6RnrwsOktzSv1Qqqr<\/span>\n\t\t<\/li>\n<li class=\"grve-post-date\">\t<time class=\"\" datetime=\"2025-08-20T11:49:21+00:00\">\n\t\tagosto 20, 2025\t<\/time>\n<\/li>\t<li class=\"grve-post-comments\">Nenhum coment\u00e1rio<\/li>\n\t\t\t\t\t\t\t\t\t\t<\/ul>\n\t\t\t\t\t\t\t\t\t\t\t\t\t\t\t\t\t\t\t\t\t\t\t\t\t\t\t<a href=\"https:\/\/cuidarebr.com.br\/novosite\/gazeta-na-rede-cuidare-preconceito-virou-combustivel-para-o-sucesso\/\" rel=\"bookmark\"><h2 class=\"grve-post-title grve-post-title-hover grve-h2\" itemprop=\"headline\">[GAZETA] Na Rede Cuidare, preconceito virou combust\u00edvel para o sucesso<\/h2><\/a>\t\t\t\t\t\t\t\t<\/div>\n\t\t\t\t\t\t\t\t<div itemprop=\"articleBody\"><p>&nbsp; O que come\u00e7ou como uma ideia para suprir a car\u00eancia de cuidadores profissionais em Natal, capital do RN, se transformou, em pouco mais de uma d\u00e9cada, em uma das maiores redes de franquias de sa\u00fade do pa\u00eds. \u00c0 frente da\u00a0Cuidare Brasil, o empres\u00e1rio\u00a0Etevaldo Miranda\u00a0superou barreiras geogr\u00e1ficas e o preconceito lingu\u00edstico para construir um neg\u00f3cio&hellip;<\/p><a class=\"grve-read-more grve-link-text grve-heading-color grve-text-hover-primary-1\" href=\"https:\/\/cuidarebr.com.br\/novosite\/gazeta-na-rede-cuidare-preconceito-virou-combustivel-para-o-sucesso\/\"><span>read more<\/span><\/a><\/div>\t\t\t\t\t\t\t<\/div>\n\t\t\t\t\t\t<\/div>\n\t\t\t\t\t\n\t\t\t\t<\/div>\t\t\t<\/article>\n\n\t\t\t<article class=\"grve-blog-item grve-small-post grve-non-isotope-item post-5542 post type-post status-publish format-standard has-post-thumbnail hentry category-cuidare-na-midia\" itemscope itemType=\"http:\/\/schema.org\/BlogPosting\">\n\t\t\t\t<div class=\"grve-blog-item-inner grve-isotope-item-inner\">\n\t\t\t\t\t\t\t\t\t\t\t\t\t<div class=\"grve-media\">\n\t\t\t<a class=\"grve-item-url\" href=\"https:\/\/cuidarebr.com.br\/novosite\/exame-este-casal-montou-o-negocio-em-40-dias-hoje-fatura-r-120-milhoes\/\" aria-label=\"[EXAME] Este casal montou o neg\u00f3cio em 40 dias. Hoje, fatura R$ 120 milh\u00f5es\"><\/a>\n\t\t\t<img loading=\"lazy\" decoding=\"async\" width=\"560\" height=\"560\" src=\"https:\/\/cuidarebr.com.br\/novosite\/wp-content\/uploads\/2024\/10\/logo-exame-branco-1080x720-1-560x560.jpg\" class=\"attachment-movedo-grve-small-square size-movedo-grve-small-square wp-post-image\" alt=\"\" srcset=\"https:\/\/cuidarebr.com.br\/novosite\/wp-content\/uploads\/2024\/10\/logo-exame-branco-1080x720-1-560x560.jpg 560w, https:\/\/cuidarebr.com.br\/novosite\/wp-content\/uploads\/2024\/10\/logo-exame-branco-1080x720-1-150x150.jpg 150w\" sizes=\"auto, (max-width: 560px) 100vw, 560px\" \/>\t\t\t<div class=\"grve-bg-black grve-hover-overlay grve-opacity-10\"><\/div>\n\t\t<\/div>\n\t\t\t\t\t\t<div class=\"grve-post-content-wrapper\">\n\t\t\t\t\t\t\t<div class=\"grve-post-content\">\n\t\t\t\t\t\t\t\t<div class=\"grve-post-header\">\n\t\t\t\t\t\t\t\t\t\t\t\t\t\t\t\t\t\t\t\t<span class=\"grve-hidden\">\n\t\t\t<span class=\"grve-structured-data entry-title\">[EXAME] Este casal montou o neg\u00f3cio em 40 dias. Hoje, fatura R$ 120 milh\u00f5es<\/span>\n\t\t\t<span class=\"grve-structured-data\" itemprop=\"image\" itemscope itemtype=\"http:\/\/schema.org\/ImageObject\">\n\t\t\t   <span itemprop='url' >https:\/\/cuidarebr.com.br\/novosite\/wp-content\/uploads\/2024\/10\/logo-exame-branco-1080x720-1.jpg<\/span>\n\t\t\t   <span itemprop='height' >1080<\/span>\n\t\t\t   <span itemprop='width' >720<\/span>\n\t\t\t<\/span>\n\t\t\t\t\t\t<span class=\"grve-structured-data vcard author\" itemprop=\"author\" itemscope itemtype=\"http:\/\/schema.org\/Person\">\n\t\t\t\t<span itemprop=\"name\" class=\"fn\">Cuidare<\/span>\n\t\t\t<\/span>\n\t\t\t<span class=\"grve-structured-data\" itemprop=\"publisher\" itemscope itemtype=\"http:\/\/schema.org\/Organization\">\n\t\t\t\t<span itemprop='name'>Cuidare<\/span>\n\t\t\t\t<span itemprop='logo' itemscope itemtype='http:\/\/schema.org\/ImageObject'>\n\t\t\t\t\t<span itemprop='url'>\/\/cuidarebr.com.br\/wp-content\/uploads\/2025\/12\/cuidare_logo22.png<\/span>\n\t\t\t\t<\/span>\n\t\t\t<\/span>\n\t\t\t\t\t\t<time class=\"grve-structured-data date published\" itemprop=\"datePublished\" datetime=\"2025-06-27T09:47:09+00:00\">junho 27, 2025<\/time>\n\t\t\t<time class=\"grve-structured-data date updated\" itemprop=\"dateModified\"  datetime=\"2025-06-27T09:47:09+00:00\">junho 27, 2025<\/time>\n\t\t\t<span class=\"grve-structured-data\" itemprop=\"mainEntityOfPage\" itemscope itemtype=\"http:\/\/schema.org\/WebPage\" itemid=\"https:\/\/cuidarebr.com.br\/novosite\/exame-este-casal-montou-o-negocio-em-40-dias-hoje-fatura-r-120-milhoes\/\"><\/span>\n\t\t<\/span>\n\t\t\t\t\t\t\t\t\t\t\t\t\t\t\t\t\t\t\t\t<ul class=\"grve-post-meta\">\n\t\t\t\t\t\t\t\t\t\t\t\t<li class=\"grve-post-author\">\n\t\t\t<span>CX6NL6RnrwsOktzSv1Qqqr<\/span>\n\t\t<\/li>\n<li class=\"grve-post-date\">\t<time class=\"\" datetime=\"2025-06-27T09:47:09+00:00\">\n\t\tjunho 27, 2025\t<\/time>\n<\/li>\t<li class=\"grve-post-comments\">Nenhum coment\u00e1rio<\/li>\n\t\t\t\t\t\t\t\t\t\t<\/ul>\n\t\t\t\t\t\t\t\t\t\t\t\t\t\t\t\t\t\t\t\t\t\t\t\t\t\t\t<a href=\"https:\/\/cuidarebr.com.br\/novosite\/exame-este-casal-montou-o-negocio-em-40-dias-hoje-fatura-r-120-milhoes\/\" rel=\"bookmark\"><h2 class=\"grve-post-title grve-post-title-hover grve-h2\" itemprop=\"headline\">[EXAME] Este casal montou o neg\u00f3cio em 40 dias. Hoje, fatura R$ 120 milh\u00f5es<\/h2><\/a>\t\t\t\t\t\t\t\t<\/div>\n\t\t\t\t\t\t\t\t<div itemprop=\"articleBody\"><p>Em 2013, Izabelly e Etevaldo Miranda precisaram de apenas\u00a040 dias\u00a0para criar o modelo de uma\u00a0empresa de cuidadores domiciliares\u00a0em Natal, no Rio Grande do Norte. A decis\u00e3o n\u00e3o veio por impulso. Nasceu de uma observa\u00e7\u00e3o pr\u00e1tica feita dentro dos hospitais, onde Izabelly, ent\u00e3o no \u00faltimo ano da\u00a0faculdade de\u00a0enfermagem, fazia est\u00e1gio. Ela notava que, mesmo ap\u00f3s a&hellip;<\/p><a class=\"grve-read-more grve-link-text grve-heading-color grve-text-hover-primary-1\" href=\"https:\/\/cuidarebr.com.br\/novosite\/exame-este-casal-montou-o-negocio-em-40-dias-hoje-fatura-r-120-milhoes\/\"><span>read more<\/span><\/a><\/div>\t\t\t\t\t\t\t<\/div>\n\t\t\t\t\t\t<\/div>\n\t\t\t\t\t\n\t\t\t\t<\/div>\t\t\t<\/article>\n\n\t\t\t<article class=\"grve-blog-item grve-small-post grve-non-isotope-item post-5483 post type-post status-publish format-standard has-post-thumbnail hentry category-cuidare-na-midia\" itemscope itemType=\"http:\/\/schema.org\/BlogPosting\">\n\t\t\t\t<div class=\"grve-blog-item-inner grve-isotope-item-inner\">\n\t\t\t\t\t\t\t\t\t\t\t\t\t<div class=\"grve-media\">\n\t\t\t<a class=\"grve-item-url\" href=\"https:\/\/cuidarebr.com.br\/novosite\/a-gazeta-franquia-para-trabalhar-em-casa-a-partir-de-r-6-500-quando-vale-a-pena\/\" aria-label=\"[A GAZETA] Franquia para trabalhar em casa a partir de R$ 6.500: quando vale a pena\"><\/a>\n\t\t\t<img loading=\"lazy\" decoding=\"async\" width=\"490\" height=\"103\" src=\"https:\/\/cuidarebr.com.br\/novosite\/wp-content\/uploads\/2025\/02\/logo-a-gazeta.png\" class=\"attachment-movedo-grve-small-square size-movedo-grve-small-square wp-post-image\" alt=\"\" srcset=\"https:\/\/cuidarebr.com.br\/novosite\/wp-content\/uploads\/2025\/02\/logo-a-gazeta.png 490w, https:\/\/cuidarebr.com.br\/novosite\/wp-content\/uploads\/2025\/02\/logo-a-gazeta-300x63.png 300w\" sizes=\"auto, (max-width: 490px) 100vw, 490px\" \/>\t\t\t<div class=\"grve-bg-black grve-hover-overlay grve-opacity-10\"><\/div>\n\t\t<\/div>\n\t\t\t\t\t\t<div class=\"grve-post-content-wrapper\">\n\t\t\t\t\t\t\t<div class=\"grve-post-content\">\n\t\t\t\t\t\t\t\t<div class=\"grve-post-header\">\n\t\t\t\t\t\t\t\t\t\t\t\t\t\t\t\t\t\t\t\t<span class=\"grve-hidden\">\n\t\t\t<span class=\"grve-structured-data entry-title\">[A GAZETA] Franquia para trabalhar em casa a partir de R$ 6.500: quando vale a pena<\/span>\n\t\t\t<span class=\"grve-structured-data\" itemprop=\"image\" itemscope itemtype=\"http:\/\/schema.org\/ImageObject\">\n\t\t\t   <span itemprop='url' >https:\/\/cuidarebr.com.br\/novosite\/wp-content\/uploads\/2025\/02\/logo-a-gazeta.png<\/span>\n\t\t\t   <span itemprop='height' >490<\/span>\n\t\t\t   <span itemprop='width' >103<\/span>\n\t\t\t<\/span>\n\t\t\t\t\t\t<span class=\"grve-structured-data vcard author\" itemprop=\"author\" itemscope itemtype=\"http:\/\/schema.org\/Person\">\n\t\t\t\t<span itemprop=\"name\" class=\"fn\">Cuidare<\/span>\n\t\t\t<\/span>\n\t\t\t<span class=\"grve-structured-data\" itemprop=\"publisher\" itemscope itemtype=\"http:\/\/schema.org\/Organization\">\n\t\t\t\t<span itemprop='name'>Cuidare<\/span>\n\t\t\t\t<span itemprop='logo' itemscope itemtype='http:\/\/schema.org\/ImageObject'>\n\t\t\t\t\t<span itemprop='url'>\/\/cuidarebr.com.br\/wp-content\/uploads\/2025\/12\/cuidare_logo22.png<\/span>\n\t\t\t\t<\/span>\n\t\t\t<\/span>\n\t\t\t\t\t\t<time class=\"grve-structured-data date published\" itemprop=\"datePublished\" datetime=\"2025-02-11T10:41:43+00:00\">fevereiro 11, 2025<\/time>\n\t\t\t<time class=\"grve-structured-data date updated\" itemprop=\"dateModified\"  datetime=\"2025-02-11T10:41:43+00:00\">fevereiro 11, 2025<\/time>\n\t\t\t<span class=\"grve-structured-data\" itemprop=\"mainEntityOfPage\" itemscope itemtype=\"http:\/\/schema.org\/WebPage\" itemid=\"https:\/\/cuidarebr.com.br\/novosite\/a-gazeta-franquia-para-trabalhar-em-casa-a-partir-de-r-6-500-quando-vale-a-pena\/\"><\/span>\n\t\t<\/span>\n\t\t\t\t\t\t\t\t\t\t\t\t\t\t\t\t\t\t\t\t<ul class=\"grve-post-meta\">\n\t\t\t\t\t\t\t\t\t\t\t\t<li class=\"grve-post-author\">\n\t\t\t<span>CX6NL6RnrwsOktzSv1Qqqr<\/span>\n\t\t<\/li>\n<li class=\"grve-post-date\">\t<time class=\"\" datetime=\"2025-02-11T10:41:43+00:00\">\n\t\tfevereiro 11, 2025\t<\/time>\n<\/li>\t<li class=\"grve-post-comments\">Nenhum coment\u00e1rio<\/li>\n\t\t\t\t\t\t\t\t\t\t<\/ul>\n\t\t\t\t\t\t\t\t\t\t\t\t\t\t\t\t\t\t\t\t\t\t\t\t\t\t\t<a href=\"https:\/\/cuidarebr.com.br\/novosite\/a-gazeta-franquia-para-trabalhar-em-casa-a-partir-de-r-6-500-quando-vale-a-pena\/\" rel=\"bookmark\"><h2 class=\"grve-post-title grve-post-title-hover grve-h2\" itemprop=\"headline\">[A GAZETA] Franquia para trabalhar em casa a partir de R$ 6.500: quando vale a pena<\/h2><\/a>\t\t\t\t\t\t\t\t<\/div>\n\t\t\t\t\t\t\t\t<div itemprop=\"articleBody\"><p>9 fev 2025 &nbsp; Quem quer trabalhar por conta pr\u00f3pria, em casa e n\u00e3o tem muito dinheiro para investir pode apostar nas\u00a0microfranquias, tamb\u00e9m chamadas de\u00a0home based. Esse modelo de neg\u00f3cio requer investimentos iniciais que variam de R$ 6.500 a R$ 135 mil, com a vantagem de que a empresa j\u00e1 foi testada e aprovada por&hellip;<\/p><a class=\"grve-read-more grve-link-text grve-heading-color grve-text-hover-primary-1\" href=\"https:\/\/cuidarebr.com.br\/novosite\/a-gazeta-franquia-para-trabalhar-em-casa-a-partir-de-r-6-500-quando-vale-a-pena\/\"><span>read more<\/span><\/a><\/div>\t\t\t\t\t\t\t<\/div>\n\t\t\t\t\t\t<\/div>\n\t\t\t\t\t\n\t\t\t\t<\/div>\t\t\t<\/article>\n\n\t\t\t<article class=\"grve-blog-item grve-small-post grve-non-isotope-item post-5436 post type-post status-publish format-standard has-post-thumbnail hentry category-cuidare-na-midia\" itemscope itemType=\"http:\/\/schema.org\/BlogPosting\">\n\t\t\t\t<div class=\"grve-blog-item-inner grve-isotope-item-inner\">\n\t\t\t\t\t\t\t\t\t\t\t\t\t<div class=\"grve-media\">\n\t\t\t<a class=\"grve-item-url\" href=\"https:\/\/cuidarebr.com.br\/novosite\/portal-do-franchising-cuidare-brasil-e-a-primeira-do-segmento-a-receber-premio-quality\/\" aria-label=\"[Portal do Franchising] Cuidare Brasil \u00e9 a primeira do segmento a receber Pr\u00eamio Quality\"><\/a>\n\t\t\t<img loading=\"lazy\" decoding=\"async\" width=\"318\" height=\"159\" src=\"https:\/\/cuidarebr.com.br\/novosite\/wp-content\/uploads\/2024\/12\/capa-portal.png\" class=\"attachment-movedo-grve-small-square size-movedo-grve-small-square wp-post-image\" alt=\"\" srcset=\"https:\/\/cuidarebr.com.br\/novosite\/wp-content\/uploads\/2024\/12\/capa-portal.png 318w, https:\/\/cuidarebr.com.br\/novosite\/wp-content\/uploads\/2024\/12\/capa-portal-300x150.png 300w\" sizes=\"auto, (max-width: 318px) 100vw, 318px\" \/>\t\t\t<div class=\"grve-bg-black grve-hover-overlay grve-opacity-10\"><\/div>\n\t\t<\/div>\n\t\t\t\t\t\t<div class=\"grve-post-content-wrapper\">\n\t\t\t\t\t\t\t<div class=\"grve-post-content\">\n\t\t\t\t\t\t\t\t<div class=\"grve-post-header\">\n\t\t\t\t\t\t\t\t\t\t\t\t\t\t\t\t\t\t\t\t<span class=\"grve-hidden\">\n\t\t\t<span class=\"grve-structured-data entry-title\">[Portal do Franchising] Cuidare Brasil \u00e9 a primeira do segmento a receber Pr\u00eamio Quality<\/span>\n\t\t\t<span class=\"grve-structured-data\" itemprop=\"image\" itemscope itemtype=\"http:\/\/schema.org\/ImageObject\">\n\t\t\t   <span itemprop='url' >https:\/\/cuidarebr.com.br\/novosite\/wp-content\/uploads\/2024\/12\/capa-portal.png<\/span>\n\t\t\t   <span itemprop='height' >318<\/span>\n\t\t\t   <span itemprop='width' >159<\/span>\n\t\t\t<\/span>\n\t\t\t\t\t\t<span class=\"grve-structured-data vcard author\" itemprop=\"author\" itemscope itemtype=\"http:\/\/schema.org\/Person\">\n\t\t\t\t<span itemprop=\"name\" class=\"fn\">Cuidare<\/span>\n\t\t\t<\/span>\n\t\t\t<span class=\"grve-structured-data\" itemprop=\"publisher\" itemscope itemtype=\"http:\/\/schema.org\/Organization\">\n\t\t\t\t<span itemprop='name'>Cuidare<\/span>\n\t\t\t\t<span itemprop='logo' itemscope itemtype='http:\/\/schema.org\/ImageObject'>\n\t\t\t\t\t<span itemprop='url'>\/\/cuidarebr.com.br\/wp-content\/uploads\/2025\/12\/cuidare_logo22.png<\/span>\n\t\t\t\t<\/span>\n\t\t\t<\/span>\n\t\t\t\t\t\t<time class=\"grve-structured-data date published\" itemprop=\"datePublished\" datetime=\"2024-12-09T09:48:37+00:00\">dezembro 9, 2024<\/time>\n\t\t\t<time class=\"grve-structured-data date updated\" itemprop=\"dateModified\"  datetime=\"2024-12-09T09:48:37+00:00\">dezembro 9, 2024<\/time>\n\t\t\t<span class=\"grve-structured-data\" itemprop=\"mainEntityOfPage\" itemscope itemtype=\"http:\/\/schema.org\/WebPage\" itemid=\"https:\/\/cuidarebr.com.br\/novosite\/portal-do-franchising-cuidare-brasil-e-a-primeira-do-segmento-a-receber-premio-quality\/\"><\/span>\n\t\t<\/span>\n\t\t\t\t\t\t\t\t\t\t\t\t\t\t\t\t\t\t\t\t<ul class=\"grve-post-meta\">\n\t\t\t\t\t\t\t\t\t\t\t\t<li class=\"grve-post-author\">\n\t\t\t<span>CX6NL6RnrwsOktzSv1Qqqr<\/span>\n\t\t<\/li>\n<li class=\"grve-post-date\">\t<time class=\"\" datetime=\"2024-12-09T09:48:37+00:00\">\n\t\tdezembro 9, 2024\t<\/time>\n<\/li>\t<li class=\"grve-post-comments\">Nenhum coment\u00e1rio<\/li>\n\t\t\t\t\t\t\t\t\t\t<\/ul>\n\t\t\t\t\t\t\t\t\t\t\t\t\t\t\t\t\t\t\t\t\t\t\t\t\t\t\t<a href=\"https:\/\/cuidarebr.com.br\/novosite\/portal-do-franchising-cuidare-brasil-e-a-primeira-do-segmento-a-receber-premio-quality\/\" rel=\"bookmark\"><h2 class=\"grve-post-title grve-post-title-hover grve-h2\" itemprop=\"headline\">[Portal do Franchising] Cuidare Brasil \u00e9 a primeira do segmento a receber Pr\u00eamio Quality<\/h2><\/a>\t\t\t\t\t\t\t\t<\/div>\n\t\t\t\t\t\t\t\t<div itemprop=\"articleBody\"><p>03 dez 2024 &nbsp; Rede de Cuidadores de pessoas de Natal, Cuidare Brasil, no Rio Grande do Norte, faz hist\u00f3ria com selo internacional e projeta pr\u00f3ximos passos &nbsp; A\u00a0Cuidare Brasil, uma das maiores redes de cuidadores do pa\u00eds, faz hist\u00f3ria ao ser a primeira do segmento a receber o\u00a0Latin American Quality Awards, mais respeitada qualifica\u00e7\u00e3o&hellip;<\/p><a class=\"grve-read-more grve-link-text grve-heading-color grve-text-hover-primary-1\" href=\"https:\/\/cuidarebr.com.br\/novosite\/portal-do-franchising-cuidare-brasil-e-a-primeira-do-segmento-a-receber-premio-quality\/\"><span>read more<\/span><\/a><\/div>\t\t\t\t\t\t\t<\/div>\n\t\t\t\t\t\t<\/div>\n\t\t\t\t\t\n\t\t\t\t<\/div>\t\t\t<\/article>\n\n\t\t\t<\/div>\n<div class=\"grve-pagination grve-link-text grve-heading-color\"><ul class='page-numbers'>\n\t<li><span aria-current=\"page\" class=\"page-numbers current\">1<\/span><\/li>\n\t<li><a class=\"page-numbers\" href=\"https:\/\/cuidarebr.com.br\/novosite\/wp-json\/wp\/v2\/pages\/16588\/page\/2\/\">2<\/a><\/li>\n\t<li><a class=\"page-numbers\" href=\"https:\/\/cuidarebr.com.br\/novosite\/wp-json\/wp\/v2\/pages\/16588\/page\/3\/\">3<\/a><\/li>\n\t<li><span class=\"page-numbers dots\">&hellip;<\/span><\/li>\n\t<li><a class=\"page-numbers\" href=\"https:\/\/cuidarebr.com.br\/novosite\/wp-json\/wp\/v2\/pages\/16588\/page\/29\/\">29<\/a><\/li>\n\t<li><a class=\"next page-numbers\" href=\"https:\/\/cuidarebr.com.br\/novosite\/wp-json\/wp\/v2\/pages\/16588\/page\/2\/\"><i class=\"grve-icon-nav-right-small\"><\/i><\/a><\/li>\n<\/ul>\n<\/div>\t\t<\/div>\n[\/vc_column][\/vc_row]<\/p>\n","protected":false},"excerpt":{"rendered":"<p>[vc_row][vc_column][\/vc_column][\/vc_row]<\/p>\n","protected":false},"author":1,"featured_media":0,"parent":0,"menu_order":0,"comment_status":"closed","ping_status":"closed","template":"","meta":{"pagelayer_contact_templates":[],"_pagelayer_content":"","footnotes":""},"class_list":["post-16588","page","type-page","status-publish","hentry"],"_links":{"self":[{"href":"https:\/\/cuidarebr.com.br\/novosite\/wp-json\/wp\/v2\/pages\/16588","targetHints":{"allow":["GET"]}}],"collection":[{"href":"https:\/\/cuidarebr.com.br\/novosite\/wp-json\/wp\/v2\/pages"}],"about":[{"href":"https:\/\/cuidarebr.com.br\/novosite\/wp-json\/wp\/v2\/types\/page"}],"author":[{"embeddable":true,"href":"https:\/\/cuidarebr.com.br\/novosite\/wp-json\/wp\/v2\/users\/1"}],"replies":[{"embeddable":true,"href":"https:\/\/cuidarebr.com.br\/novosite\/wp-json\/wp\/v2\/comments?post=16588"}],"version-history":[{"count":1,"href":"https:\/\/cuidarebr.com.br\/novosite\/wp-json\/wp\/v2\/pages\/16588\/revisions"}],"predecessor-version":[{"id":16591,"href":"https:\/\/cuidarebr.com.br\/novosite\/wp-json\/wp\/v2\/pages\/16588\/revisions\/16591"}],"wp:attachment":[{"href":"https:\/\/cuidarebr.com.br\/novosite\/wp-json\/wp\/v2\/media?parent=16588"}],"curies":[{"name":"wp","href":"https:\/\/api.w.org\/{rel}","templated":true}]}}